{"id":6554,"date":"2026-02-24T10:17:08","date_gmt":"2026-02-24T10:17:08","guid":{"rendered":"https:\/\/kasteeloostvalkenburg.com\/?page_id=6554"},"modified":"2026-02-24T11:13:53","modified_gmt":"2026-02-24T11:13:53","slug":"paques","status":"publish","type":"page","link":"https:\/\/kasteeloostvalkenburg.com\/fr\/paques\/","title":{"rendered":"F\u00eate des m\u00e8res"},"content":{"rendered":"\r\n    <section class=\"hero image-right\">\r\n        <div class=\"row d-flex align-items-center\">\r\n            <div class=\"col-12 col-lg-7\">\r\n                <div class=\"hero__intro\">\r\n                                            <div class=\"eye-block breadcrumbs-wrapper\">\r\n                            \r\n            <ul class=\"site-breadcrumbs\">\r\n                <li class=\"crumb\">\r\n                    <a class=\"disable-line\" href=\"https:\/\/kasteeloostvalkenburg.com\">\r\n                        <i class=\"fa-regular fa-home\"><\/i>\r\n                    <\/a>\r\n                <\/li>\r\n                                    <div class=\"divider\"><\/div>\r\n                    <li class=\"crumb first\">\r\n                        <a class=\"disable-line\" href=\"https:\/\/kasteeloostvalkenburg.com\/fr\/paques\/\">F\u00eate des m\u00e8res<\/a>\r\n                    <\/li>\r\n                                <\/ul>\r\n        \r\n                                        <\/div>\r\n                                        <p class=\"hero__intro-subtitle\">F\u00eate des m\u00e8res<\/p>\r\n                    <h1>L&rsquo;attention, l&rsquo;amour et la convivialit\u00e9<\/h1>\r\n                    <div class=\"hero__intro-content\">\r\n                        <p><p data-start=\"391\" data-end=\"578\">La f\u00eate des m\u00e8res est plus qu&rsquo;une tradition. C&rsquo;est un moment de r\u00e9flexion consciente sur la personne qui est toujours l\u00e0 pour vous. Avec celle qui vous connecte, vous soutient, vous inspire et est inconditionnellement pr\u00eate.  <\/p>\n<p data-start=\"580\" data-end=\"754\">Dans le cadre majestueux de Kasteel Oost, cette journ\u00e9e re\u00e7oit l&rsquo;attention qu&rsquo;elle m\u00e9rite. Chez Mon R\u00eave, la f\u00eate des m\u00e8res est l&rsquo;occasion de profiter ensemble de la paix, du style et de la sophistication. <\/p>\n<\/p>\r\n\r\n                        \r\n                    <\/div>\r\n                <\/div>\r\n            <\/div>\r\n            <div class=\"col-12 col-lg-5\">\r\n                                    <div class=\"hero__image\">\r\n                        <img decoding=\"async\" src=\"https:\/\/kasteeloostvalkenburg.com\/wp-content\/uploads\/2026\/01\/bd0f52d6-1773-4bea-aafb-86d61be2b9c5-e1768296680740.jpg\" alt=\"\">\r\n                    <\/div>\r\n                            <\/div>\r\n        <\/div>\r\n    <\/section>\r\n\r\n\r\n<div class=\"eye-block bsbutton texte-d\u00e9but \" >\r\n            <a class=\"btn btn-primary\" href=\"https:\/\/kasteeloostvalkenburg.com\/fr\/restaurant\/menu\/#moederdag-menu-section\">\r\n            Bekijk het menu        <\/a>\r\n    <\/div>\r\n\r\n<div class=\"eye-block empty-space empty-space--large pt-md-5 pb-md-5 pt-4 pb-4\" ><\/div>\r\n    <div class=\"eye-block contentblock fade-in-animation\">\r\n        <div class=\"contentblock__colored-bg alt\">\r\n            <div class=\"row gx-6\">\r\n                <div class=\"col-12 col-lg-6\">\r\n                    <div class=\"contentblock__colored-bg__image alt\">\r\n                        <img decoding=\"async\" src=\"https:\/\/kasteeloostvalkenburg.com\/wp-content\/uploads\/2025\/09\/3X7A2376.jpg\" alt=\"\" data-speed=\".5\">\r\n                    <\/div>\r\n                <\/div>\r\n                <div class=\"col-12 col-lg-6\">\r\n                    <div class=\"contentblock__colored-bg__content-alt\">\r\n                        <div class=\"filled-block\">\r\n                                                        <h2>Pour celui qui est toujours pr\u00eat<\/h2>\r\n                        <\/div>\r\n                        <div class=\"contentblock__colored-bg__content-text\">\r\n                            <p data-start=\"790\" data-end=\"1010\">Dans la vie de tous les jours, beaucoup de choses vont de soi. Rendez-vous, travail, obligations. C&rsquo;est pr\u00e9cis\u00e9ment pour cette raison que la f\u00eate des m\u00e8res est le moment id\u00e9al pour consacrer consciemment du temps. Pour ne pas se contenter de dire \"merci\", mais pour le faire sentir.   <\/p>\n<p data-start=\"1012\" data-end=\"1225\">C\u00e9l\u00e9brez la f\u00eate des m\u00e8res en vous asseyant \u00e0 table ensemble. En cr\u00e9ant des souvenirs. En cr\u00e9ant de nouveaux moments. En choisissant des moments de qualit\u00e9 dans un environnement o\u00f9 l&rsquo;atmosph\u00e8re, l&rsquo;attention et l&rsquo;hospitalit\u00e9 sont essentielles.   <\/p>\n<p data-start=\"1227\" data-end=\"1319\">Un d\u00eener ou un d\u00e9jeuner en commun n&rsquo;est pas un cadeau classique. C&rsquo;est un moment d&rsquo;attention r\u00e9elle. <\/p>\n                        <\/div>\r\n\r\n                                                                                    <a                                        class=\"btn btn-primary\" onclick=\"_gstpln.openWidget();\">Boek jullie tafeltje<\/a>\r\n                                                                        <\/div>\r\n                <\/div>\r\n            <\/div>\r\n        <\/div>\r\n    <\/div>\r\n\r\n    <div class=\"eye-block contentblock fade-in-animation\">\r\n        <div class=\"contentblock__image-right__container\">\r\n            <div class=\"contentblock__image-right\">\r\n                <div class=\"row\">\r\n                    <div class=\"col-12 col-lg-7 p-lg-1 d-flex align-items-center\">\r\n                        <div class=\"contentblock__image-right__content\">\r\n                                                            <p class=\"introtext\">Plein de saveurs et d&rsquo;exp\u00e9riences<\/p>\r\n                                                        <h2>Une f\u00eate des m\u00e8res culinaire<\/h2>\r\n                            <div class=\"contentblock__image-right__content-text\">\r\n                                <p data-start=\"1826\" data-end=\"1982\">Dans le cadre plein de caract\u00e8re du Kasteel Oost, la f\u00eate des m\u00e8res sera une exp\u00e9rience sophistiqu\u00e9e. Pas de foule, pas de pr\u00e9cipitation, mais le souci du d\u00e9tail, du go\u00fbt et de la convivialit\u00e9. <\/p>\n<p data-start=\"1984\" data-end=\"2232\">Nos chefs ont cr\u00e9\u00e9 un menu exclusif inspir\u00e9 par le printemps, sp\u00e9cialement pour cette journ\u00e9e. Des ingr\u00e9dients frais, des saveurs douces et des pr\u00e9sentations \u00e9l\u00e9gantes constituent la base d&rsquo;une exp\u00e9rience culinaire \u00e0 la hauteur de la grandeur du lieu. <\/p>\n<p data-start=\"2234\" data-end=\"2353\">Vous choisissez un d\u00e9jeuner \u00e9l\u00e9gant \u00e0 3 plats ou un d\u00eener \u00e9labor\u00e9 \u00e0 5 plats, selon la fa\u00e7on dont vous souhaitez vivre la journ\u00e9e.<\/p>\n                            <\/div>\r\n\r\n                                                                                                <a href=\"https:\/\/kasteeloostvalkenburg.com\/fr\/restaurant\/menu\/#moederdag-menu-section\"                                            class=\"btn btn-primary\">Bekijk het moederdagmenu<\/a>\r\n                                                            \r\n                        <\/div>\r\n                    <\/div>\r\n                    <div class=\"col-12 col-lg-5 p-lg-1\">\r\n                        <div class=\"contentblock__image-right__image\">\r\n                            <img decoding=\"async\" data-speed=\"1.5\" src=\"https:\/\/kasteeloostvalkenburg.com\/wp-content\/uploads\/2025\/09\/3X7A2371.jpg\" alt=\"\">\r\n                        <\/div>\r\n                    <\/div>\r\n                <\/div>\r\n            <\/div>\r\n        <\/div>\r\n    <\/div>\r\n\r\n\r\n<div class=\"eye-block empty-space empty-space--medium pt-md-4 pb-md-4 pt-3 pb-3\" ><\/div>\r\n    <div class=\"eye-block contentblock fade-in-animation\">\r\n        <div class=\"contentblock__colored-bg alt\">\r\n            <div class=\"row gx-6\">\r\n                <div class=\"col-12 col-lg-6\">\r\n                    <div class=\"contentblock__colored-bg__image alt\">\r\n                        <img decoding=\"async\" src=\"https:\/\/kasteeloostvalkenburg.com\/wp-content\/uploads\/2025\/11\/kuppens_fotografie_5261_1-scaled.jpg\" alt=\"\" data-speed=\".5\">\r\n                    <\/div>\r\n                <\/div>\r\n                <div class=\"col-12 col-lg-6\">\r\n                    <div class=\"contentblock__colored-bg__content-alt\">\r\n                        <div class=\"filled-block\">\r\n                                                        <h2>Le printemps \u00e0 Kasteel Oost<\/h2>\r\n                        <\/div>\r\n                        <div class=\"contentblock__colored-bg__content-text\">\r\n                            <p>Le printemps apporte une nouvelle \u00e9nergie et de nombreux moments festifs, et \u00e0 Kasteel Oost, nous c\u00e9l\u00e9brons cette merveilleuse p\u00e9riode avec vous ! De la f\u00eate des rois \u00e0 P\u00e2ques, de la f\u00eate des m\u00e8res \u00e0 la saison des asperges. Au Kasteel Oost, il y a toujours quelque chose de sp\u00e9cial \u00e0 faire.  <\/p>\n<p>Venez profiter de repas culinaires, d&rsquo;activit\u00e9s amusantes et de l&rsquo;atmosph\u00e8re unique du Kasteel Oost. Que vous souhaitiez porter un toast \u00e0 une journ\u00e9e sp\u00e9ciale, d\u00eener confortablement avec vos amis et votre famille ou simplement profiter de la saison, Kasteel Oost vous accueille toujours. <\/p>\n                        <\/div>\r\n\r\n                                                                                    <a href=\"#valentijnsbeleving\"                                        class=\"btn btn-primary\">Reserveer jouw tafeltje<\/a>\r\n                                                                        <\/div>\r\n                <\/div>\r\n            <\/div>\r\n        <\/div>\r\n    <\/div>\r\n","protected":false},"excerpt":{"rendered":"","protected":false},"author":2,"featured_media":0,"parent":0,"menu_order":0,"comment_status":"closed","ping_status":"closed","template":"","meta":{"_acf_changed":false,"ghostkit_customizer_options":"","ghostkit_custom_css":"","ghostkit_custom_js_head":"","ghostkit_custom_js_foot":"","ghostkit_typography":"","footnotes":""},"class_list":["post-6554","page","type-page","status-publish","hentry"],"acf":[],"yoast_head":"<!-- This site is optimized with the Yoast SEO plugin v27.3 - https:\/\/yoast.com\/product\/yoast-seo-wordpress\/ -->\n<title>F\u00eate des m\u00e8res - Kasteel Oost<\/title>\n<meta name=\"description\" content=\"C\u00e9l\u00e9brez la f\u00eate des m\u00e8res en d\u00eenant ensemble. En se rem\u00e9morant des souvenirs. En cr\u00e9ant de nouveaux moments.\" \/>\n<meta name=\"robots\" content=\"index, follow, max-snippet:-1, max-image-preview:large, max-video-preview:-1\" \/>\n<link rel=\"canonical\" href=\"https:\/\/kasteeloostvalkenburg.com\/fr\/paques\/\" \/>\n<meta property=\"og:locale\" content=\"fr_FR\" \/>\n<meta property=\"og:type\" content=\"article\" \/>\n<meta property=\"og:title\" content=\"F\u00eate des m\u00e8res - Kasteel Oost\" \/>\n<meta property=\"og:description\" content=\"C\u00e9l\u00e9brez la f\u00eate des m\u00e8res en d\u00eenant ensemble. En se rem\u00e9morant des souvenirs. En cr\u00e9ant de nouveaux moments.\" \/>\n<meta property=\"og:url\" content=\"https:\/\/kasteeloostvalkenburg.com\/fr\/paques\/\" \/>\n<meta property=\"og:site_name\" content=\"Kasteel Oost\" \/>\n<meta property=\"article:publisher\" content=\"https:\/\/www.facebook.com\/Kooningstheweddingpalace\" \/>\n<meta property=\"article:modified_time\" content=\"2026-02-24T11:13:53+00:00\" \/>\n<meta name=\"twitter:card\" content=\"summary_large_image\" \/>\n<script type=\"application\/ld+json\" class=\"yoast-schema-graph\">{\"@context\":\"https:\\\/\\\/schema.org\",\"@graph\":[{\"@type\":\"WebPage\",\"@id\":\"https:\\\/\\\/kasteeloostvalkenburg.com\\\/fr\\\/paques\\\/\",\"url\":\"https:\\\/\\\/kasteeloostvalkenburg.com\\\/fr\\\/paques\\\/\",\"name\":\"F\u00eate des m\u00e8res - Kasteel Oost\",\"isPartOf\":{\"@id\":\"https:\\\/\\\/kasteeloostvalkenburg.com\\\/fr\\\/#website\"},\"datePublished\":\"2026-02-24T10:17:08+00:00\",\"dateModified\":\"2026-02-24T11:13:53+00:00\",\"description\":\"C\u00e9l\u00e9brez la f\u00eate des m\u00e8res en d\u00eenant ensemble. En se rem\u00e9morant des souvenirs. En cr\u00e9ant de nouveaux moments.\",\"breadcrumb\":{\"@id\":\"https:\\\/\\\/kasteeloostvalkenburg.com\\\/fr\\\/paques\\\/#breadcrumb\"},\"inLanguage\":\"fr-FR\",\"potentialAction\":[{\"@type\":\"ReadAction\",\"target\":[\"https:\\\/\\\/kasteeloostvalkenburg.com\\\/fr\\\/paques\\\/\"]}]},{\"@type\":\"BreadcrumbList\",\"@id\":\"https:\\\/\\\/kasteeloostvalkenburg.com\\\/fr\\\/paques\\\/#breadcrumb\",\"itemListElement\":[{\"@type\":\"ListItem\",\"position\":1,\"name\":\"Accueil\",\"item\":\"https:\\\/\\\/kasteeloostvalkenburg.com\\\/fr\\\/\"},{\"@type\":\"ListItem\",\"position\":2,\"name\":\"F\u00eate des m\u00e8res\"}]},{\"@type\":\"WebSite\",\"@id\":\"https:\\\/\\\/kasteeloostvalkenburg.com\\\/fr\\\/#website\",\"url\":\"https:\\\/\\\/kasteeloostvalkenburg.com\\\/fr\\\/\",\"name\":\"Kasteel Oost\",\"description\":\"\",\"publisher\":{\"@id\":\"https:\\\/\\\/kasteeloostvalkenburg.com\\\/fr\\\/#organization\"},\"potentialAction\":[{\"@type\":\"SearchAction\",\"target\":{\"@type\":\"EntryPoint\",\"urlTemplate\":\"https:\\\/\\\/kasteeloostvalkenburg.com\\\/fr\\\/?s={search_term_string}\"},\"query-input\":{\"@type\":\"PropertyValueSpecification\",\"valueRequired\":true,\"valueName\":\"search_term_string\"}}],\"inLanguage\":\"fr-FR\"},{\"@type\":\"Organization\",\"@id\":\"https:\\\/\\\/kasteeloostvalkenburg.com\\\/fr\\\/#organization\",\"name\":\"Kasteel Oost\",\"url\":\"https:\\\/\\\/kasteeloostvalkenburg.com\\\/fr\\\/\",\"logo\":{\"@type\":\"ImageObject\",\"inLanguage\":\"fr-FR\",\"@id\":\"https:\\\/\\\/kasteeloostvalkenburg.com\\\/fr\\\/#\\\/schema\\\/logo\\\/image\\\/\",\"url\":\"https:\\\/\\\/kasteeloostvalkenburg.com\\\/wp-content\\\/uploads\\\/2025\\\/04\\\/KasteelOost-logo-darkgray.png\",\"contentUrl\":\"https:\\\/\\\/kasteeloostvalkenburg.com\\\/wp-content\\\/uploads\\\/2025\\\/04\\\/KasteelOost-logo-darkgray.png\",\"width\":413,\"height\":318,\"caption\":\"Kasteel Oost\"},\"image\":{\"@id\":\"https:\\\/\\\/kasteeloostvalkenburg.com\\\/fr\\\/#\\\/schema\\\/logo\\\/image\\\/\"},\"sameAs\":[\"https:\\\/\\\/www.facebook.com\\\/Kooningstheweddingpalace\",\"https:\\\/\\\/www.instagram.com\\\/kasteeloost\\\/\",\"https:\\\/\\\/www.tiktok.com\\\/@kooningstheweddingpalace\",\"https:\\\/\\\/nl.pinterest.com\\\/koonings\\\/\"]}]}<\/script>\n<!-- \/ Yoast SEO plugin. -->","yoast_head_json":{"title":"F\u00eate des m\u00e8res - Kasteel Oost","description":"C\u00e9l\u00e9brez la f\u00eate des m\u00e8res en d\u00eenant ensemble. En se rem\u00e9morant des souvenirs. En cr\u00e9ant de nouveaux moments.","robots":{"index":"index","follow":"follow","max-snippet":"max-snippet:-1","max-image-preview":"max-image-preview:large","max-video-preview":"max-video-preview:-1"},"canonical":"https:\/\/kasteeloostvalkenburg.com\/fr\/paques\/","og_locale":"fr_FR","og_type":"article","og_title":"F\u00eate des m\u00e8res - Kasteel Oost","og_description":"C\u00e9l\u00e9brez la f\u00eate des m\u00e8res en d\u00eenant ensemble. En se rem\u00e9morant des souvenirs. En cr\u00e9ant de nouveaux moments.","og_url":"https:\/\/kasteeloostvalkenburg.com\/fr\/paques\/","og_site_name":"Kasteel Oost","article_publisher":"https:\/\/www.facebook.com\/Kooningstheweddingpalace","article_modified_time":"2026-02-24T11:13:53+00:00","twitter_card":"summary_large_image","schema":{"@context":"https:\/\/schema.org","@graph":[{"@type":"WebPage","@id":"https:\/\/kasteeloostvalkenburg.com\/fr\/paques\/","url":"https:\/\/kasteeloostvalkenburg.com\/fr\/paques\/","name":"F\u00eate des m\u00e8res - Kasteel Oost","isPartOf":{"@id":"https:\/\/kasteeloostvalkenburg.com\/fr\/#website"},"datePublished":"2026-02-24T10:17:08+00:00","dateModified":"2026-02-24T11:13:53+00:00","description":"C\u00e9l\u00e9brez la f\u00eate des m\u00e8res en d\u00eenant ensemble. En se rem\u00e9morant des souvenirs. En cr\u00e9ant de nouveaux moments.","breadcrumb":{"@id":"https:\/\/kasteeloostvalkenburg.com\/fr\/paques\/#breadcrumb"},"inLanguage":"fr-FR","potentialAction":[{"@type":"ReadAction","target":["https:\/\/kasteeloostvalkenburg.com\/fr\/paques\/"]}]},{"@type":"BreadcrumbList","@id":"https:\/\/kasteeloostvalkenburg.com\/fr\/paques\/#breadcrumb","itemListElement":[{"@type":"ListItem","position":1,"name":"Accueil","item":"https:\/\/kasteeloostvalkenburg.com\/fr\/"},{"@type":"ListItem","position":2,"name":"F\u00eate des m\u00e8res"}]},{"@type":"WebSite","@id":"https:\/\/kasteeloostvalkenburg.com\/fr\/#website","url":"https:\/\/kasteeloostvalkenburg.com\/fr\/","name":"Kasteel Oost","description":"","publisher":{"@id":"https:\/\/kasteeloostvalkenburg.com\/fr\/#organization"},"potentialAction":[{"@type":"SearchAction","target":{"@type":"EntryPoint","urlTemplate":"https:\/\/kasteeloostvalkenburg.com\/fr\/?s={search_term_string}"},"query-input":{"@type":"PropertyValueSpecification","valueRequired":true,"valueName":"search_term_string"}}],"inLanguage":"fr-FR"},{"@type":"Organization","@id":"https:\/\/kasteeloostvalkenburg.com\/fr\/#organization","name":"Kasteel Oost","url":"https:\/\/kasteeloostvalkenburg.com\/fr\/","logo":{"@type":"ImageObject","inLanguage":"fr-FR","@id":"https:\/\/kasteeloostvalkenburg.com\/fr\/#\/schema\/logo\/image\/","url":"https:\/\/kasteeloostvalkenburg.com\/wp-content\/uploads\/2025\/04\/KasteelOost-logo-darkgray.png","contentUrl":"https:\/\/kasteeloostvalkenburg.com\/wp-content\/uploads\/2025\/04\/KasteelOost-logo-darkgray.png","width":413,"height":318,"caption":"Kasteel Oost"},"image":{"@id":"https:\/\/kasteeloostvalkenburg.com\/fr\/#\/schema\/logo\/image\/"},"sameAs":["https:\/\/www.facebook.com\/Kooningstheweddingpalace","https:\/\/www.instagram.com\/kasteeloost\/","https:\/\/www.tiktok.com\/@kooningstheweddingpalace","https:\/\/nl.pinterest.com\/koonings\/"]}]}},"_links":{"self":[{"href":"https:\/\/kasteeloostvalkenburg.com\/fr\/wp-json\/wp\/v2\/pages\/6554","targetHints":{"allow":["GET"]}}],"collection":[{"href":"https:\/\/kasteeloostvalkenburg.com\/fr\/wp-json\/wp\/v2\/pages"}],"about":[{"href":"https:\/\/kasteeloostvalkenburg.com\/fr\/wp-json\/wp\/v2\/types\/page"}],"author":[{"embeddable":true,"href":"https:\/\/kasteeloostvalkenburg.com\/fr\/wp-json\/wp\/v2\/users\/2"}],"replies":[{"embeddable":true,"href":"https:\/\/kasteeloostvalkenburg.com\/fr\/wp-json\/wp\/v2\/comments?post=6554"}],"version-history":[{"count":5,"href":"https:\/\/kasteeloostvalkenburg.com\/fr\/wp-json\/wp\/v2\/pages\/6554\/revisions"}],"predecessor-version":[{"id":6573,"href":"https:\/\/kasteeloostvalkenburg.com\/fr\/wp-json\/wp\/v2\/pages\/6554\/revisions\/6573"}],"wp:attachment":[{"href":"https:\/\/kasteeloostvalkenburg.com\/fr\/wp-json\/wp\/v2\/media?parent=6554"}],"curies":[{"name":"wp","href":"https:\/\/api.w.org\/{rel}","templated":true}]}}