{"id":6326,"date":"2026-01-29T11:12:56","date_gmt":"2026-01-29T11:12:56","guid":{"rendered":"https:\/\/kasteeloostvalkenburg.com\/?page_id=6326"},"modified":"2026-03-03T11:06:01","modified_gmt":"2026-03-03T11:06:01","slug":"valentinstag","status":"publish","type":"page","link":"https:\/\/kasteeloostvalkenburg.com\/de\/valentinstag\/","title":{"rendered":"Tag des K\u00f6nigs"},"content":{"rendered":"\r\n    <section class=\"hero image-right\">\r\n        <div class=\"row d-flex align-items-center\">\r\n            <div class=\"col-12 col-lg-7\">\r\n                <div class=\"hero__intro\">\r\n                                            <div class=\"eye-block breadcrumbs-wrapper\">\r\n                            \r\n            <ul class=\"site-breadcrumbs\">\r\n                <li class=\"crumb\">\r\n                    <a class=\"disable-line\" href=\"https:\/\/kasteeloostvalkenburg.com\">\r\n                        <i class=\"fa-regular fa-home\"><\/i>\r\n                    <\/a>\r\n                <\/li>\r\n                                    <div class=\"divider\"><\/div>\r\n                    <li class=\"crumb first\">\r\n                        <a class=\"disable-line\" href=\"https:\/\/kasteeloostvalkenburg.com\/de\/valentinstag\/\">Tag des K\u00f6nigs<\/a>\r\n                    <\/li>\r\n                                <\/ul>\r\n        \r\n                                        <\/div>\r\n                                        <p class=\"hero__intro-subtitle\">Feiern mit Stil<\/p>\r\n                    <h1>K\u00f6nigstag im Kasteel Oost<\/h1>\r\n                    <div class=\"hero__intro-content\">\r\n                        <p><p>Speciaal voor Koningsdag hebben onze chefs een feestelijk menu samengesteld, een culinaire ode aan het voorjaar en onze koning. Denk aan verfijnde gerechten met een oranje knipoog, verrassende seizoenssmaken en huisgemaakte lekkernijen om van te watertanden.<\/p>\n<p>Of je nu met familie komt, vrienden uitnodigt of er romantisch samen op uit wilt. Op Koningsdag draait alles om gezelligheid, goed eten en samen genieten. Vier jij deze feestdag met een lunch of uitgebreid diner?<\/p>\n<\/p>\r\n\r\n                        \r\n                    <\/div>\r\n                <\/div>\r\n            <\/div>\r\n            <div class=\"col-12 col-lg-5\">\r\n                                    <div class=\"hero__image\">\r\n                        <img decoding=\"async\" src=\"https:\/\/kasteeloostvalkenburg.com\/wp-content\/uploads\/2026\/01\/extra-fotos-mon-reve-1-scaled-1.jpg\" alt=\"\">\r\n                    <\/div>\r\n                            <\/div>\r\n        <\/div>\r\n    <\/section>\r\n\r\n\r\n<div class=\"eye-block bsbutton text-start \" >\r\n            <a class=\"btn btn-primary\" href=\"https:\/\/kasteeloostvalkenburg.com\/de\/restaurant\/menue\/#koningsdag-menu-section\">\r\n            Bekijk het menu        <\/a>\r\n    <\/div>\r\n\r\n<div class=\"eye-block empty-space empty-space--large pt-md-5 pb-md-5 pt-4 pb-4\" ><\/div>\r\n    <div class=\"eye-block contentblock fade-in-animation\">\r\n        <div class=\"contentblock__colored-bg alt\">\r\n            <div class=\"row gx-6\">\r\n                <div class=\"col-12 col-lg-6\">\r\n                    <div class=\"contentblock__colored-bg__image alt\">\r\n                        <img decoding=\"async\" src=\"https:\/\/kasteeloostvalkenburg.com\/wp-content\/uploads\/2026\/01\/extra-fotos-mon-reve-2-scaled-1.jpg\" alt=\"\" data-speed=\".5\">\r\n                    <\/div>\r\n                <\/div>\r\n                <div class=\"col-12 col-lg-6\">\r\n                    <div class=\"contentblock__colored-bg__content-alt\">\r\n                        <div class=\"filled-block\">\r\n                                                        <h2>Mittagessen zum K\u00f6nigstag<\/h2>\r\n                        <\/div>\r\n                        <div class=\"contentblock__colored-bg__content-text\">\r\n                            <p>Onze chefs presenteren een speciaal samengesteld lunchmenu waarin Nederlandse invloeden subtiel worden gecombineerd met moderne gastronomie. Verwacht pure ingredi\u00ebnten, uitgebalanceerde smaken en gerechten die met aandacht en vakmanschap zijn bereid.<\/p>\n<ul>\n<li>27 april<\/li>\n<li>12.00u-14.00u<\/li>\n<li>\u20ac 50 p.p.<\/li>\n<\/ul>\n                        <\/div>\r\n\r\n                                                                                    <a                                        class=\"btn btn-primary\" onclick=\"_gstpln.openWidget();\">Reserveer jouw tafeltje<\/a>\r\n                                                                        <\/div>\r\n                <\/div>\r\n            <\/div>\r\n        <\/div>\r\n    <\/div>\r\n\r\n    <div class=\"eye-block contentblock fade-in-animation\">\r\n        <div class=\"contentblock__image-right__container\">\r\n            <div class=\"contentblock__image-right\">\r\n                <div class=\"row\">\r\n                    <div class=\"col-12 col-lg-7 p-lg-1 d-flex align-items-center\">\r\n                        <div class=\"contentblock__image-right__content\">\r\n                                                        <h2>Abendessen zum K\u00f6nigstag<\/h2>\r\n                            <div class=\"contentblock__image-right__content-text\">\r\n                                <p>Maak van Koningsdag een avond om te herinneren met een gastronomisch 5-gangendiner bij Mon R\u00eave. Perfect voor wie deze bijzondere dag op een stijlvolle manier wil vieren met goed gezelschap, een zorgvuldig geselecteerd glas wijn en de persoonlijke gastvrijheid die Kasteel Oost kenmerkt.<\/p>\n<ul>\n<li>27 april<\/li>\n<li>vanaf 18.00u<\/li>\n<li>\u20ac 75 p.p.<\/li>\n<\/ul>\n                            <\/div>\r\n\r\n                                                                                                <a                                            class=\"btn btn-primary\" onclick=\"_gstpln.openWidget();\">Reserveer jouw tafeltje<\/a>\r\n                                                            \r\n                        <\/div>\r\n                    <\/div>\r\n                    <div class=\"col-12 col-lg-5 p-lg-1\">\r\n                        <div class=\"contentblock__image-right__image\">\r\n                            <img decoding=\"async\" data-speed=\"1.5\" src=\"https:\/\/kasteeloostvalkenburg.com\/wp-content\/uploads\/2026\/01\/extra-fotos-mon-reve-2-scaled-1.jpg\" alt=\"\">\r\n                        <\/div>\r\n                    <\/div>\r\n                <\/div>\r\n            <\/div>\r\n        <\/div>\r\n    <\/div>\r\n\r\n\r\n<div class=\"eye-block empty-space empty-space--medium pt-md-4 pb-md-4 pt-3 pb-3\" ><\/div>\r\n    <div class=\"eye-block contentblock fade-in-animation\">\r\n        <div class=\"contentblock__colored-bg alt\">\r\n            <div class=\"row gx-6\">\r\n                <div class=\"col-12 col-lg-6\">\r\n                    <div class=\"contentblock__colored-bg__image alt\">\r\n                        <img decoding=\"async\" src=\"https:\/\/kasteeloostvalkenburg.com\/wp-content\/uploads\/2025\/10\/kuppens_fotografie_5032-scaled.jpg\" alt=\"\" data-speed=\".5\">\r\n                    <\/div>\r\n                <\/div>\r\n                <div class=\"col-12 col-lg-6\">\r\n                    <div class=\"contentblock__colored-bg__content-alt\">\r\n                        <div class=\"filled-block\">\r\n                                                        <h2>Fr\u00fchling im Kasteel Oost<\/h2>\r\n                        <\/div>\r\n                        <div class=\"contentblock__colored-bg__content-text\">\r\n                            <p>Het voorjaar bruist bij Kasteel Oost! Naast Koningsdag verwelkomen we je ook graag tijdens Pasen, moederdag of het aspergeseizoen. Elk moment van het seizoen is een nieuwe reden om langs te komen en samen te genieten.<\/p>\n<p>Kom genieten van culinaire maaltijden, gezellige activiteiten en de unieke sfeer van Kasteel Oost. Of je nu wilt proosten op een speciale dag, gezellig wilt tafelen met vrienden en familie, of gewoon wilt genieten van het seizoen, Kasteel Oost heet je altijd van harte welkom.<\/p>\n                        <\/div>\r\n\r\n                                                                                    <a href=\"https:\/\/kasteeloostvalkenburg.com\/de\/entdecken-sie\/entdecken-sie-valkenburg-2\/\"                                        class=\"btn btn-primary\">Ontdek alle activiteiten<\/a>\r\n                                                                        <\/div>\r\n                <\/div>\r\n            <\/div>\r\n        <\/div>\r\n    <\/div>\r\n","protected":false},"excerpt":{"rendered":"","protected":false},"author":2,"featured_media":0,"parent":0,"menu_order":0,"comment_status":"closed","ping_status":"closed","template":"","meta":{"_acf_changed":false,"ghostkit_customizer_options":"","ghostkit_custom_css":"","ghostkit_custom_js_head":"","ghostkit_custom_js_foot":"","ghostkit_typography":"","footnotes":""},"class_list":["post-6326","page","type-page","status-publish","hentry"],"acf":[],"yoast_head":"<!-- This site is optimized with the Yoast SEO plugin v27.3 - https:\/\/yoast.com\/product\/yoast-seo-wordpress\/ -->\n<title>Tag des K\u00f6nigs - Kasteel Oost<\/title>\n<meta name=\"description\" content=\"Feiern Sie den K\u00f6nigstag mit Stil im sch\u00f6nen Kasteel Oost. Lassen Sie sich von dem speziellen Men\u00fc von Mon R\u00eave \u00fcberraschen.\" \/>\n<meta name=\"robots\" content=\"index, follow, max-snippet:-1, max-image-preview:large, max-video-preview:-1\" \/>\n<link rel=\"canonical\" href=\"https:\/\/kasteeloostvalkenburg.com\/de\/valentinstag\/\" \/>\n<meta property=\"og:locale\" content=\"de_DE\" \/>\n<meta property=\"og:type\" content=\"article\" \/>\n<meta property=\"og:title\" content=\"Tag des K\u00f6nigs - Kasteel Oost\" \/>\n<meta property=\"og:description\" content=\"Feiern Sie den K\u00f6nigstag mit Stil im sch\u00f6nen Kasteel Oost. Lassen Sie sich von dem speziellen Men\u00fc von Mon R\u00eave \u00fcberraschen.\" \/>\n<meta property=\"og:url\" content=\"https:\/\/kasteeloostvalkenburg.com\/de\/valentinstag\/\" \/>\n<meta property=\"og:site_name\" content=\"Kasteel Oost\" \/>\n<meta property=\"article:publisher\" content=\"https:\/\/www.facebook.com\/Kooningstheweddingpalace\" \/>\n<meta property=\"article:modified_time\" content=\"2026-03-03T11:06:01+00:00\" \/>\n<meta name=\"twitter:card\" content=\"summary_large_image\" \/>\n<script type=\"application\/ld+json\" class=\"yoast-schema-graph\">{\"@context\":\"https:\\\/\\\/schema.org\",\"@graph\":[{\"@type\":\"WebPage\",\"@id\":\"https:\\\/\\\/kasteeloostvalkenburg.com\\\/de\\\/valentinstag\\\/\",\"url\":\"https:\\\/\\\/kasteeloostvalkenburg.com\\\/de\\\/valentinstag\\\/\",\"name\":\"Tag des K\u00f6nigs - Kasteel Oost\",\"isPartOf\":{\"@id\":\"https:\\\/\\\/kasteeloostvalkenburg.com\\\/de\\\/#website\"},\"datePublished\":\"2026-01-29T11:12:56+00:00\",\"dateModified\":\"2026-03-03T11:06:01+00:00\",\"description\":\"Feiern Sie den K\u00f6nigstag mit Stil im sch\u00f6nen Kasteel Oost. Lassen Sie sich von dem speziellen Men\u00fc von Mon R\u00eave \u00fcberraschen.\",\"breadcrumb\":{\"@id\":\"https:\\\/\\\/kasteeloostvalkenburg.com\\\/de\\\/valentinstag\\\/#breadcrumb\"},\"inLanguage\":\"de\",\"potentialAction\":[{\"@type\":\"ReadAction\",\"target\":[\"https:\\\/\\\/kasteeloostvalkenburg.com\\\/de\\\/valentinstag\\\/\"]}]},{\"@type\":\"BreadcrumbList\",\"@id\":\"https:\\\/\\\/kasteeloostvalkenburg.com\\\/de\\\/valentinstag\\\/#breadcrumb\",\"itemListElement\":[{\"@type\":\"ListItem\",\"position\":1,\"name\":\"Startseite\",\"item\":\"https:\\\/\\\/kasteeloostvalkenburg.com\\\/de\\\/\"},{\"@type\":\"ListItem\",\"position\":2,\"name\":\"Tag des K\u00f6nigs\"}]},{\"@type\":\"WebSite\",\"@id\":\"https:\\\/\\\/kasteeloostvalkenburg.com\\\/de\\\/#website\",\"url\":\"https:\\\/\\\/kasteeloostvalkenburg.com\\\/de\\\/\",\"name\":\"Kasteel Oost\",\"description\":\"\",\"publisher\":{\"@id\":\"https:\\\/\\\/kasteeloostvalkenburg.com\\\/de\\\/#organization\"},\"potentialAction\":[{\"@type\":\"SearchAction\",\"target\":{\"@type\":\"EntryPoint\",\"urlTemplate\":\"https:\\\/\\\/kasteeloostvalkenburg.com\\\/de\\\/?s={search_term_string}\"},\"query-input\":{\"@type\":\"PropertyValueSpecification\",\"valueRequired\":true,\"valueName\":\"search_term_string\"}}],\"inLanguage\":\"de\"},{\"@type\":\"Organization\",\"@id\":\"https:\\\/\\\/kasteeloostvalkenburg.com\\\/de\\\/#organization\",\"name\":\"Kasteel Oost\",\"url\":\"https:\\\/\\\/kasteeloostvalkenburg.com\\\/de\\\/\",\"logo\":{\"@type\":\"ImageObject\",\"inLanguage\":\"de\",\"@id\":\"https:\\\/\\\/kasteeloostvalkenburg.com\\\/de\\\/#\\\/schema\\\/logo\\\/image\\\/\",\"url\":\"https:\\\/\\\/kasteeloostvalkenburg.com\\\/wp-content\\\/uploads\\\/2025\\\/04\\\/KasteelOost-logo-darkgray.png\",\"contentUrl\":\"https:\\\/\\\/kasteeloostvalkenburg.com\\\/wp-content\\\/uploads\\\/2025\\\/04\\\/KasteelOost-logo-darkgray.png\",\"width\":413,\"height\":318,\"caption\":\"Kasteel Oost\"},\"image\":{\"@id\":\"https:\\\/\\\/kasteeloostvalkenburg.com\\\/de\\\/#\\\/schema\\\/logo\\\/image\\\/\"},\"sameAs\":[\"https:\\\/\\\/www.facebook.com\\\/Kooningstheweddingpalace\",\"https:\\\/\\\/www.instagram.com\\\/kasteeloost\\\/\",\"https:\\\/\\\/www.tiktok.com\\\/@kooningstheweddingpalace\",\"https:\\\/\\\/nl.pinterest.com\\\/koonings\\\/\"]}]}<\/script>\n<!-- \/ Yoast SEO plugin. -->","yoast_head_json":{"title":"Tag des K\u00f6nigs - Kasteel Oost","description":"Feiern Sie den K\u00f6nigstag mit Stil im sch\u00f6nen Kasteel Oost. Lassen Sie sich von dem speziellen Men\u00fc von Mon R\u00eave \u00fcberraschen.","robots":{"index":"index","follow":"follow","max-snippet":"max-snippet:-1","max-image-preview":"max-image-preview:large","max-video-preview":"max-video-preview:-1"},"canonical":"https:\/\/kasteeloostvalkenburg.com\/de\/valentinstag\/","og_locale":"de_DE","og_type":"article","og_title":"Tag des K\u00f6nigs - Kasteel Oost","og_description":"Feiern Sie den K\u00f6nigstag mit Stil im sch\u00f6nen Kasteel Oost. Lassen Sie sich von dem speziellen Men\u00fc von Mon R\u00eave \u00fcberraschen.","og_url":"https:\/\/kasteeloostvalkenburg.com\/de\/valentinstag\/","og_site_name":"Kasteel Oost","article_publisher":"https:\/\/www.facebook.com\/Kooningstheweddingpalace","article_modified_time":"2026-03-03T11:06:01+00:00","twitter_card":"summary_large_image","schema":{"@context":"https:\/\/schema.org","@graph":[{"@type":"WebPage","@id":"https:\/\/kasteeloostvalkenburg.com\/de\/valentinstag\/","url":"https:\/\/kasteeloostvalkenburg.com\/de\/valentinstag\/","name":"Tag des K\u00f6nigs - Kasteel Oost","isPartOf":{"@id":"https:\/\/kasteeloostvalkenburg.com\/de\/#website"},"datePublished":"2026-01-29T11:12:56+00:00","dateModified":"2026-03-03T11:06:01+00:00","description":"Feiern Sie den K\u00f6nigstag mit Stil im sch\u00f6nen Kasteel Oost. Lassen Sie sich von dem speziellen Men\u00fc von Mon R\u00eave \u00fcberraschen.","breadcrumb":{"@id":"https:\/\/kasteeloostvalkenburg.com\/de\/valentinstag\/#breadcrumb"},"inLanguage":"de","potentialAction":[{"@type":"ReadAction","target":["https:\/\/kasteeloostvalkenburg.com\/de\/valentinstag\/"]}]},{"@type":"BreadcrumbList","@id":"https:\/\/kasteeloostvalkenburg.com\/de\/valentinstag\/#breadcrumb","itemListElement":[{"@type":"ListItem","position":1,"name":"Startseite","item":"https:\/\/kasteeloostvalkenburg.com\/de\/"},{"@type":"ListItem","position":2,"name":"Tag des K\u00f6nigs"}]},{"@type":"WebSite","@id":"https:\/\/kasteeloostvalkenburg.com\/de\/#website","url":"https:\/\/kasteeloostvalkenburg.com\/de\/","name":"Kasteel Oost","description":"","publisher":{"@id":"https:\/\/kasteeloostvalkenburg.com\/de\/#organization"},"potentialAction":[{"@type":"SearchAction","target":{"@type":"EntryPoint","urlTemplate":"https:\/\/kasteeloostvalkenburg.com\/de\/?s={search_term_string}"},"query-input":{"@type":"PropertyValueSpecification","valueRequired":true,"valueName":"search_term_string"}}],"inLanguage":"de"},{"@type":"Organization","@id":"https:\/\/kasteeloostvalkenburg.com\/de\/#organization","name":"Kasteel Oost","url":"https:\/\/kasteeloostvalkenburg.com\/de\/","logo":{"@type":"ImageObject","inLanguage":"de","@id":"https:\/\/kasteeloostvalkenburg.com\/de\/#\/schema\/logo\/image\/","url":"https:\/\/kasteeloostvalkenburg.com\/wp-content\/uploads\/2025\/04\/KasteelOost-logo-darkgray.png","contentUrl":"https:\/\/kasteeloostvalkenburg.com\/wp-content\/uploads\/2025\/04\/KasteelOost-logo-darkgray.png","width":413,"height":318,"caption":"Kasteel Oost"},"image":{"@id":"https:\/\/kasteeloostvalkenburg.com\/de\/#\/schema\/logo\/image\/"},"sameAs":["https:\/\/www.facebook.com\/Kooningstheweddingpalace","https:\/\/www.instagram.com\/kasteeloost\/","https:\/\/www.tiktok.com\/@kooningstheweddingpalace","https:\/\/nl.pinterest.com\/koonings\/"]}]}},"_links":{"self":[{"href":"https:\/\/kasteeloostvalkenburg.com\/de\/wp-json\/wp\/v2\/pages\/6326","targetHints":{"allow":["GET"]}}],"collection":[{"href":"https:\/\/kasteeloostvalkenburg.com\/de\/wp-json\/wp\/v2\/pages"}],"about":[{"href":"https:\/\/kasteeloostvalkenburg.com\/de\/wp-json\/wp\/v2\/types\/page"}],"author":[{"embeddable":true,"href":"https:\/\/kasteeloostvalkenburg.com\/de\/wp-json\/wp\/v2\/users\/2"}],"replies":[{"embeddable":true,"href":"https:\/\/kasteeloostvalkenburg.com\/de\/wp-json\/wp\/v2\/comments?post=6326"}],"version-history":[{"count":10,"href":"https:\/\/kasteeloostvalkenburg.com\/de\/wp-json\/wp\/v2\/pages\/6326\/revisions"}],"predecessor-version":[{"id":6602,"href":"https:\/\/kasteeloostvalkenburg.com\/de\/wp-json\/wp\/v2\/pages\/6326\/revisions\/6602"}],"wp:attachment":[{"href":"https:\/\/kasteeloostvalkenburg.com\/de\/wp-json\/wp\/v2\/media?parent=6326"}],"curies":[{"name":"wp","href":"https:\/\/api.w.org\/{rel}","templated":true}]}}